{"id":3548,"date":"2023-08-13T10:44:23","date_gmt":"2023-08-13T10:44:23","guid":{"rendered":"https:\/\/protezionecivilebergamoovest.it\/?page_id=3548"},"modified":"2025-03-13T07:16:30","modified_gmt":"2025-03-13T07:16:30","slug":"protezione-civile","status":"publish","type":"page","link":"https:\/\/protezionecivilebergamoovest.it\/index.php\/protezione-civile\/","title":{"rendered":"Il tuo aiuto \u00e8 prezioso"},"content":{"rendered":"<div id='full_slider_1'  class='avia-fullwidth-slider main_color avia-shadow   avia-builder-el-0  el_before_av_section  avia-builder-el-first   container_wrap sidebar_right'  ><div  class='avia-slideshow av-ll9buc7v-83062901f6d3002a95b28cf04df726d9 avia-slideshow-featured av_slideshow_full avia-slide-slider av-slideshow-ui av-control-default av-slideshow-manual av-loop-once av-loop-manual-endless av-default-height-applied   avia-slideshow-1' data-slideshow-options=\"{&quot;animation&quot;:&quot;slide&quot;,&quot;autoplay&quot;:false,&quot;loop_autoplay&quot;:&quot;once&quot;,&quot;interval&quot;:5,&quot;loop_manual&quot;:&quot;manual-endless&quot;,&quot;autoplay_stopper&quot;:false,&quot;noNavigation&quot;:false,&quot;bg_slider&quot;:false,&quot;keep_padding&quot;:false,&quot;hoverpause&quot;:false,&quot;show_slide_delay&quot;:0}\"  itemprop=\"image\" itemscope=\"itemscope\" itemtype=\"https:\/\/schema.org\/ImageObject\" ><ul class='avia-slideshow-inner ' style='padding-bottom: 28.666666666667%;'><li  class='avia-slideshow-slide av-ll9buc7v-83062901f6d3002a95b28cf04df726d9__0  av-single-slide slide-1 slide-odd'><div data-rel='slideshow-1' class='avia-slide-wrap '   ><div class='av-slideshow-caption av-ll9buc7v-83062901f6d3002a95b28cf04df726d9__0 caption_fullwidth caption_center caption_center_framed caption_framed'><div class=\"container caption_container\"><div class=\"slideshow_caption\"><div class=\"slideshow_inner_caption\"><div class=\"slideshow_align_caption\"><h2 class='avia-caption-title '  itemprop=\"name\" >Sosteniamo insieme il nostro territorio!<\/h2><\/div><\/div><\/div><\/div><\/div><img decoding=\"async\" class=\"wp-image-3551 avia-img-lazy-loading-not-3551\"  src=\"https:\/\/protezionecivilebergamoovest.it\/wp-content\/uploads\/2023\/08\/remi-walle-UOwvwZ9Dy6w-unsplash.jpg\" width=\"1500\" height=\"430\" title='remi-walle-UOwvwZ9Dy6w-unsplash' alt='Protezione Civile Bergamo Ovest'  itemprop=\"thumbnailUrl\" srcset=\"https:\/\/protezionecivilebergamoovest.it\/wp-content\/uploads\/2023\/08\/remi-walle-UOwvwZ9Dy6w-unsplash.jpg 1500w, https:\/\/protezionecivilebergamoovest.it\/wp-content\/uploads\/2023\/08\/remi-walle-UOwvwZ9Dy6w-unsplash-300x86.jpg 300w, https:\/\/protezionecivilebergamoovest.it\/wp-content\/uploads\/2023\/08\/remi-walle-UOwvwZ9Dy6w-unsplash-1030x295.jpg 1030w, https:\/\/protezionecivilebergamoovest.it\/wp-content\/uploads\/2023\/08\/remi-walle-UOwvwZ9Dy6w-unsplash-768x220.jpg 768w, https:\/\/protezionecivilebergamoovest.it\/wp-content\/uploads\/2023\/08\/remi-walle-UOwvwZ9Dy6w-unsplash-705x202.jpg 705w\" sizes=\"(max-width: 1500px) 100vw, 1500px\" \/><\/div><\/li><\/ul><\/div><\/div>\n<div id='av_section_1'  class='avia-section av-26b3g-6ba98d324ec3ad57840a30e7366bc388 main_color avia-section-default avia-no-border-styling  avia-builder-el-1  el_after_av_slideshow_full  el_before_av_section  avia-bg-style-scroll container_wrap sidebar_right'  ><div class='container av-section-cont-open' ><div class='template-page content  av-content-small alpha units'><div class='post-entry post-entry-type-page post-entry-3548'><div class='entry-content-wrapper clearfix'>\n\n<style type=\"text\/css\" data-created_by=\"avia_inline_auto\" id=\"style-css-av-lnkcys73-2b1b36d8d0e8ef9b9a922aac1653011e\">\n#top .av-special-heading.av-lnkcys73-2b1b36d8d0e8ef9b9a922aac1653011e{\npadding-bottom:10px;\n}\nbody .av-special-heading.av-lnkcys73-2b1b36d8d0e8ef9b9a922aac1653011e .av-special-heading-tag .heading-char{\nfont-size:25px;\n}\n.av-special-heading.av-lnkcys73-2b1b36d8d0e8ef9b9a922aac1653011e .av-subheading{\nfont-size:15px;\n}\n<\/style>\n<div  class='av-special-heading av-lnkcys73-2b1b36d8d0e8ef9b9a922aac1653011e av-special-heading-h1 meta-heading blockquote modern-quote modern-centered  avia-builder-el-2  el_before_av_textblock  avia-builder-el-first '><h1 class='av-special-heading-tag'  itemprop=\"headline\"  >Protezione Civile<\/h1><div class=\"special-heading-border\"><div class=\"special-heading-inner-border\"><\/div><\/div><\/div>\n\n<style type=\"text\/css\" data-created_by=\"avia_inline_auto\" id=\"style-css-av-ll9c1a78-3a8fa88d91ee04b02a1193bef0faf8fa\">\n#top .av_textblock_section.av-ll9c1a78-3a8fa88d91ee04b02a1193bef0faf8fa .avia_textblock{\nfont-size:16px;\n}\n<\/style>\n<section  class='av_textblock_section av-ll9c1a78-3a8fa88d91ee04b02a1193bef0faf8fa'  itemscope=\"itemscope\" itemtype=\"https:\/\/schema.org\/CreativeWork\" ><div class='avia_textblock'  itemprop=\"text\" ><div class=\"flex flex-grow flex-col gap-3 max-w-full\">\n<div class=\"min-h-&#091;20px&#093; flex flex-col items-start gap-3 whitespace-pre-wrap break-words overflow-x-auto\">\n<div class=\"markdown prose w-full break-words dark:prose-invert dark\">\n<p style=\"text-align: center;\">Unisciti a noi nella tutela di ci\u00f2 che amiamo, costruendo un domani migliore per tutti.<\/p>\n<p style=\"text-align: center;\">Il contributo attivo \u00e8 un mattoncino per un futuro sicuro e sostenibile, modellato dalle tue azioni.<\/p>\n<p style=\"text-align: center;\">Insieme, possiamo creare un mondo in cui la solidariet\u00e0 e la responsabilit\u00e0 collettiva sono i pilastri su cui poggia la nostra comunit\u00e0.<\/p>\n<\/div>\n<\/div>\n<\/div>\n<\/div><\/section>\n\n<\/div><\/div><\/div><!-- close content main div --><\/div><\/div>\n<style type=\"text\/css\" data-created_by=\"avia_inline_auto\" id=\"style-css-av-ll9cdxlj-0cce75c9a144db482c3f2ba3aaea0d82\">\n.avia-section.av-ll9cdxlj-0cce75c9a144db482c3f2ba3aaea0d82{\nbackground-color:#0a314a;\nbackground-image:unset;\n}\n<\/style>\n<div id='av_section_2'  class='avia-section av-ll9cdxlj-0cce75c9a144db482c3f2ba3aaea0d82 main_color avia-section-default avia-no-border-styling  avia-builder-el-4  el_after_av_section  el_before_av_section  avia-bg-style-scroll container_wrap sidebar_right'  ><div class='container av-section-cont-open' ><div class='template-page content  av-content-small alpha units'><div class='post-entry post-entry-type-page post-entry-3548'><div class='entry-content-wrapper clearfix'>\n\n<style type=\"text\/css\" data-created_by=\"avia_inline_auto\" id=\"style-css-av-ll9c2blb-a2afad2aff2efa150a20963525625ba6\">\n#top .av-special-heading.av-ll9c2blb-a2afad2aff2efa150a20963525625ba6{\npadding-bottom:10px;\ncolor:#f7e700;\n}\nbody .av-special-heading.av-ll9c2blb-a2afad2aff2efa150a20963525625ba6 .av-special-heading-tag .heading-char{\nfont-size:25px;\n}\n.av-special-heading.av-ll9c2blb-a2afad2aff2efa150a20963525625ba6 .special-heading-inner-border{\nborder-color:#f7e700;\n}\n.av-special-heading.av-ll9c2blb-a2afad2aff2efa150a20963525625ba6 .av-subheading{\nfont-size:15px;\n}\n<\/style>\n<div  class='av-special-heading av-ll9c2blb-a2afad2aff2efa150a20963525625ba6 av-special-heading-h3 custom-color-heading blockquote modern-quote modern-centered  avia-builder-el-5  el_before_av_hr  avia-builder-el-first '><h3 class='av-special-heading-tag'  itemprop=\"headline\"  >Ogni donazione \u00e8 un passo verso la protezione duratura del nostro prezioso territorio<\/h3><div class=\"special-heading-border\"><div class=\"special-heading-inner-border\"><\/div><\/div><\/div>\n\n<style type=\"text\/css\" data-created_by=\"avia_inline_auto\" id=\"style-css-av-ll9cn25j-d778a09c2096319c9331f5bb66b4ee14\">\n#top .hr.hr-invisible.av-ll9cn25j-d778a09c2096319c9331f5bb66b4ee14{\nheight:30px;\n}\n<\/style>\n<div  class='hr av-ll9cn25j-d778a09c2096319c9331f5bb66b4ee14 hr-invisible  avia-builder-el-6  el_after_av_heading  el_before_av_one_half '><span class='hr-inner '><span class=\"hr-inner-style\"><\/span><\/span><\/div>\n\n<style type=\"text\/css\" data-created_by=\"avia_inline_auto\" id=\"style-css-av-ll9ca4mw-242480321e9201d1fa2e08feb3bdc52d\">\n.flex_column.av-ll9ca4mw-242480321e9201d1fa2e08feb3bdc52d{\nborder-width:10px;\nborder-style:solid;\npadding:10px 10px 10px 10px;\nbackground-color:#0a314a;\n}\n<\/style>\n<div class='flex_column av-ll9ca4mw-242480321e9201d1fa2e08feb3bdc52d av_one_half  avia-builder-el-7  el_after_av_hr  el_before_av_one_half  first flex_column_div '     ><p><section  class='av_textblock_section av-ll9c7uzn-f9d7edbc7b6acdc358196de3e9353e10'  itemscope=\"itemscope\" itemtype=\"https:\/\/schema.org\/CreativeWork\" ><div class='avia_textblock'  itemprop=\"text\" ><p><strong>Noi ci mettiamo il 100%, tu puoi mettere il 5 per mille<\/strong><\/p>\n<\/div><\/section><br \/>\n\n<style type=\"text\/css\" data-created_by=\"avia_inline_auto\" id=\"style-css-av-ll9ch5gg-7a033cb5864847606204cbdbd48475f7\">\n#top .av_textblock_section.av-ll9ch5gg-7a033cb5864847606204cbdbd48475f7 .avia_textblock{\ncolor:#ffffff;\n}\n<\/style>\n<section  class='av_textblock_section av-ll9ch5gg-7a033cb5864847606204cbdbd48475f7'  itemscope=\"itemscope\" itemtype=\"https:\/\/schema.org\/CreativeWork\" ><div class='avia_textblock av_inherit_color'  itemprop=\"text\" ><p>Alla prossima dichiarazione dei redditi, dona il tuo 5&#215;1000 all&#8217;Associazione Bergamo Ovest, ci aiuterai a difendere risorse e bellezze naturali.<\/p>\n<p>\u00c8 facile ed \u00e8 gratis, basta inserire il nostro codice fiscale:<br \/>\n<strong>03243660168<\/strong><\/p>\n<\/div><\/section><\/p><\/div>\n<style type=\"text\/css\" data-created_by=\"avia_inline_auto\" id=\"style-css-av-4fb8sc-00edea426a70d1af4320e349fc87034a\">\n.flex_column.av-4fb8sc-00edea426a70d1af4320e349fc87034a{\nborder-width:10px;\nborder-style:solid;\npadding:10px 10px 10px 10px;\nbackground-color:#0a314a;\n}\n<\/style>\n<div class='flex_column av-4fb8sc-00edea426a70d1af4320e349fc87034a av_one_half  avia-builder-el-10  el_after_av_one_half  el_before_av_hr  flex_column_div '     ><p><section  class='av_textblock_section av-ll9chl9o-039b3fcaa189e25ff11d4949dab4266e'  itemscope=\"itemscope\" itemtype=\"https:\/\/schema.org\/CreativeWork\" ><div class='avia_textblock'  itemprop=\"text\" ><p><strong>\u00c8 possibile aiutarci anche con donazioni liberali<\/strong><\/p>\n<\/div><\/section><br \/>\n\n<style type=\"text\/css\" data-created_by=\"avia_inline_auto\" id=\"style-css-av-ll9cheuq-d8a6d2200bc8bf8f6e1869d42b6250fa\">\n#top .av_textblock_section.av-ll9cheuq-d8a6d2200bc8bf8f6e1869d42b6250fa .avia_textblock{\ncolor:#ffffff;\n}\n<\/style>\n<section  class='av_textblock_section av-ll9cheuq-d8a6d2200bc8bf8f6e1869d42b6250fa'  itemscope=\"itemscope\" itemtype=\"https:\/\/schema.org\/CreativeWork\" ><div class='avia_textblock av_inherit_color'  itemprop=\"text\" ><p>Intestazione: <strong>ASSOCIAZIONE VOLONTARI PROTEZIONE CIVILE BERGAMO OVEST ODV<\/strong><br \/>\nBanca: <strong>Credito Valtellinese di Brembate di Sopra<\/strong> &#8211; Filiale di Barzana<br \/>\nIBAN: <strong>IT51O0623052660000015067920<\/strong><\/p>\n<p>Causale: <strong>DONAZIONE LIBERALE<\/strong><\/p>\n<\/div><\/section><\/p><\/div>\n<style type=\"text\/css\" data-created_by=\"avia_inline_auto\" id=\"style-css-av-1ys34s-d140849c4260fb9f4e815f39c6c8a266\">\n#top .hr.hr-invisible.av-1ys34s-d140849c4260fb9f4e815f39c6c8a266{\nheight:40px;\n}\n<\/style>\n<div  class='hr av-1ys34s-d140849c4260fb9f4e815f39c6c8a266 hr-invisible  avia-builder-el-13  el_after_av_one_half  el_before_av_textblock '><span class='hr-inner '><span class=\"hr-inner-style\"><\/span><\/span><\/div>\n\n<style type=\"text\/css\" data-created_by=\"avia_inline_auto\" id=\"style-css-av-ll9cmq7o-e62eeffd5b322adb3e50fd25dd285cef\">\n#top .av_textblock_section.av-ll9cmq7o-e62eeffd5b322adb3e50fd25dd285cef .avia_textblock{\nfont-size:16px;\ncolor:#ffffff;\n}\n<\/style>\n<section  class='av_textblock_section av-ll9cmq7o-e62eeffd5b322adb3e50fd25dd285cef'  itemscope=\"itemscope\" itemtype=\"https:\/\/schema.org\/CreativeWork\" ><div class='avia_textblock av_inherit_color'  itemprop=\"text\" ><p style=\"text-align: center;\">Le donazioni effettuate con metodi di pagamento tracciabili sono detraibili o deducibili ai fini fiscali secondo la normativa in vigore.<\/p>\n<\/div><\/section>\n\n<style type=\"text\/css\" data-created_by=\"avia_inline_auto\" id=\"style-css-av-jqkx8c-67be64a738df9bff3357037be0d610ef\">\n#top .hr.hr-invisible.av-jqkx8c-67be64a738df9bff3357037be0d610ef{\nheight:20px;\n}\n<\/style>\n<div  class='hr av-jqkx8c-67be64a738df9bff3357037be0d610ef hr-invisible  avia-builder-el-15  el_after_av_textblock  avia-builder-el-last '><span class='hr-inner '><span class=\"hr-inner-style\"><\/span><\/span><\/div>\n\n<\/div><\/div><\/div><!-- close content main div --><\/div><\/div><div id='volontario'  class='avia-section av-ll9e2wph-0373a658804b5c659c9af9a2792d0873 main_color avia-section-default avia-no-border-styling  avia-builder-el-16  el_after_av_section  el_before_av_slideshow_full  avia-bg-style-scroll av-minimum-height av-minimum-height-custom  container_wrap sidebar_right'   data-av_minimum_height_px='5'><div class='container av-section-cont-open' style='height:5px'><div class='template-page content  av-content-small alpha units'><div class='post-entry post-entry-type-page post-entry-3548'><div class='entry-content-wrapper clearfix'>\n<\/div><\/div><\/div><!-- close content main div --><\/div><\/div><div id='full_slider_2'  class='avia-fullwidth-slider main_color avia-shadow   avia-builder-el-17  el_after_av_section  el_before_av_section   slider-not-first container_wrap sidebar_right'  ><div  class='avia-slideshow av-ll9d1k73-457cf78561cabd8a1f0c37876d1eea76 avia-slideshow-featured av_slideshow_full avia-slide-slider av-slideshow-ui av-control-default av-slideshow-manual av-loop-once av-loop-manual-endless av-default-height-applied   avia-slideshow-2' data-slideshow-options=\"{&quot;animation&quot;:&quot;slide&quot;,&quot;autoplay&quot;:false,&quot;loop_autoplay&quot;:&quot;once&quot;,&quot;interval&quot;:5,&quot;loop_manual&quot;:&quot;manual-endless&quot;,&quot;autoplay_stopper&quot;:false,&quot;noNavigation&quot;:false,&quot;bg_slider&quot;:false,&quot;keep_padding&quot;:false,&quot;hoverpause&quot;:false,&quot;show_slide_delay&quot;:0}\"  itemprop=\"image\" itemscope=\"itemscope\" itemtype=\"https:\/\/schema.org\/ImageObject\" ><ul class='avia-slideshow-inner ' style='padding-bottom: 28.666666666667%;'><li  class='avia-slideshow-slide av-ll9d1k73-457cf78561cabd8a1f0c37876d1eea76__0  av-single-slide slide-1 slide-odd'><div data-rel='slideshow-2' class='avia-slide-wrap '   ><div class='av-slideshow-caption av-ll9d1k73-457cf78561cabd8a1f0c37876d1eea76__0 caption_fullwidth caption_center caption_center_framed caption_framed'><div class=\"container caption_container\"><div class=\"slideshow_caption\"><div class=\"slideshow_inner_caption\"><div class=\"slideshow_align_caption\"><h2 class='avia-caption-title '  itemprop=\"name\" >Entra in azione come volontario della Protezione Civile<\/h2><\/div><\/div><\/div><\/div><\/div><img decoding=\"async\" class=\"wp-image-3583 avia-img-lazy-loading-not-3583\"  src=\"https:\/\/protezionecivilebergamoovest.it\/wp-content\/uploads\/2023\/08\/fire.jpg\" width=\"1500\" height=\"430\" title='fire' alt='Protezione Civile Bergamo Ovest'  itemprop=\"thumbnailUrl\" srcset=\"https:\/\/protezionecivilebergamoovest.it\/wp-content\/uploads\/2023\/08\/fire.jpg 1500w, https:\/\/protezionecivilebergamoovest.it\/wp-content\/uploads\/2023\/08\/fire-300x86.jpg 300w, https:\/\/protezionecivilebergamoovest.it\/wp-content\/uploads\/2023\/08\/fire-1030x295.jpg 1030w, https:\/\/protezionecivilebergamoovest.it\/wp-content\/uploads\/2023\/08\/fire-768x220.jpg 768w, https:\/\/protezionecivilebergamoovest.it\/wp-content\/uploads\/2023\/08\/fire-705x202.jpg 705w\" sizes=\"(max-width: 1500px) 100vw, 1500px\" \/><\/div><\/li><\/ul><\/div><\/div>\n<div id='av_section_4'  class='avia-section av-hq41h8-866bded2e4016c3705383313ec91d8ba main_color avia-section-default avia-no-border-styling  avia-builder-el-18  el_after_av_slideshow_full  el_before_av_section  avia-bg-style-scroll container_wrap sidebar_right'  ><div class='container av-section-cont-open' ><div class='template-page content  av-content-small alpha units'><div class='post-entry post-entry-type-page post-entry-3548'><div class='entry-content-wrapper clearfix'>\n\n<style type=\"text\/css\" data-created_by=\"avia_inline_auto\" id=\"style-css-av-ll9d0f6q-a5200b1855d12fbaa99e7237d0fc19b2\">\n#top .av_textblock_section.av-ll9d0f6q-a5200b1855d12fbaa99e7237d0fc19b2 .avia_textblock{\nfont-size:16px;\n}\n<\/style>\n<section  class='av_textblock_section av-ll9d0f6q-a5200b1855d12fbaa99e7237d0fc19b2'  itemscope=\"itemscope\" itemtype=\"https:\/\/schema.org\/CreativeWork\" ><div class='avia_textblock'  itemprop=\"text\" ><div class=\"flex flex-grow flex-col gap-3 max-w-full\">\n<div class=\"min-h-&#091;20px&#093; flex flex-col items-start gap-3 whitespace-pre-wrap break-words overflow-x-auto\">\n<div class=\"markdown prose w-full break-words dark:prose-invert dark\">\n<p style=\"text-align: center;\">Il nostro impegno, intriso di dedizione e compassione, brilla come di speranza nei momenti pi\u00f9 critici. Diventa parte di una solida rete di supporto che fa la differenza.<\/p>\n<p style=\"text-align: center;\">La tua iscrizione oggi rappresenta un passo importante per contribuire al soccorso, al conforto e alla sicurezza della nostra comunit\u00e0.<\/p>\n<p style=\"text-align: center;\">Unisciti a noi per aiutare coloro che ne hanno bisogno, dando il tuo prezioso contributo alla causa del volontariato per un mondo migliore.<\/p>\n<p style=\"text-align: center;\">\n<\/div>\n<p style=\"text-align: center;\">Scarica la domanda di ammissione come <a href=\"https:\/\/protezionecivilebergamoovest.it\/wp-content\/uploads\/2023\/10\/Domanda-di-ammissione-come-volontario-sostenitore.pdf\" target=\"_blank\" rel=\"noopener\"><strong>volontario sostenitore<\/strong><\/a><\/p>\n<p style=\"text-align: center;\">Scarica la domanda di ammissione come <strong><a href=\"https:\/\/protezionecivilebergamoovest.it\/wp-content\/uploads\/2023\/10\/Domanda-di-ammissione-come-volontario-operativo.pdf\" target=\"_blank\" rel=\"noopener\">volontario operatore<\/a><\/strong><\/p>\n<\/div>\n<\/div>\n<\/div><\/section>\n\n<\/div><\/div><\/div><!-- close content main div --><\/div><\/div>\n<style type=\"text\/css\" data-created_by=\"avia_inline_auto\" id=\"style-css-av-fd6k18-f2b142495a6d756d074c5310a732efd5\">\n.avia-section.av-fd6k18-f2b142495a6d756d074c5310a732efd5{\nbackground-color:#0a314a;\nbackground-image:unset;\n}\n<\/style>\n<div id='av_section_5'  class='avia-section av-fd6k18-f2b142495a6d756d074c5310a732efd5 main_color avia-section-default avia-no-border-styling  avia-builder-el-20  el_after_av_section  avia-builder-el-last  avia-bg-style-scroll container_wrap sidebar_right'  ><div class='container av-section-cont-open' ><div class='template-page content  av-content-small alpha units'><div class='post-entry post-entry-type-page post-entry-3548'><div class='entry-content-wrapper clearfix'>\n\n<style type=\"text\/css\" data-created_by=\"avia_inline_auto\" id=\"style-css-av-ll9czvof-413ce4fcdc2ed1d38212c95057571862\">\n#top .av-special-heading.av-ll9czvof-413ce4fcdc2ed1d38212c95057571862{\npadding-bottom:10px;\ncolor:#f7e700;\n}\nbody .av-special-heading.av-ll9czvof-413ce4fcdc2ed1d38212c95057571862 .av-special-heading-tag .heading-char{\nfont-size:25px;\n}\n.av-special-heading.av-ll9czvof-413ce4fcdc2ed1d38212c95057571862 .special-heading-inner-border{\nborder-color:#f7e700;\n}\n.av-special-heading.av-ll9czvof-413ce4fcdc2ed1d38212c95057571862 .av-subheading{\nfont-size:15px;\n}\n<\/style>\n<div  class='av-special-heading av-ll9czvof-413ce4fcdc2ed1d38212c95057571862 av-special-heading-h3 custom-color-heading blockquote modern-quote modern-centered  avia-builder-el-21  el_before_av_hr  avia-builder-el-first '><h3 class='av-special-heading-tag'  itemprop=\"headline\"  >Insieme, costruiamo un futuro pi\u00f9 resiliente e solidale. Il tuo aiuto \u00e8 prezioso per la Protezione Civile.<\/h3><div class=\"special-heading-border\"><div class=\"special-heading-inner-border\"><\/div><\/div><\/div>\n\n<style type=\"text\/css\" data-created_by=\"avia_inline_auto\" id=\"style-css-av-ein0p8-d5877470a44b1224c231baf5f275086a\">\n#top .hr.hr-invisible.av-ein0p8-d5877470a44b1224c231baf5f275086a{\nheight:30px;\n}\n<\/style>\n<div  class='hr av-ein0p8-d5877470a44b1224c231baf5f275086a hr-invisible  avia-builder-el-22  el_after_av_heading  el_before_av_one_half '><span class='hr-inner '><span class=\"hr-inner-style\"><\/span><\/span><\/div>\n\n<style type=\"text\/css\" data-created_by=\"avia_inline_auto\" id=\"style-css-av-ll9dnz16-4623301d366c649e4019c9cbc1acac9a\">\n.flex_column.av-ll9dnz16-4623301d366c649e4019c9cbc1acac9a{\nborder-width:10px;\nborder-style:solid;\npadding:10px 10px 10px 10px;\nbackground-color:#0a314a;\n}\n<\/style>\n<div class='flex_column av-ll9dnz16-4623301d366c649e4019c9cbc1acac9a av_one_half  avia-builder-el-23  el_after_av_hr  el_before_av_one_half  first flex_column_div '     ><p><section  class='av_textblock_section av-ll9d9i8b-f95737602465a83bc00c555f460864f2'  itemscope=\"itemscope\" itemtype=\"https:\/\/schema.org\/CreativeWork\" ><div class='avia_textblock'  itemprop=\"text\" ><p><strong>Contattaci direttamente per avere pi\u00f9 informazioni<br \/>\n<\/strong><\/p>\n<\/div><\/section><br \/>\n<div  class='hr av-cqm2b0-e1069151b0c49f0f7082357452510cb3 hr-default  avia-builder-el-25  el_after_av_textblock  el_before_av_textblock '><span class='hr-inner '><span class=\"hr-inner-style\"><\/span><\/span><\/div><br \/>\n\n<style type=\"text\/css\" data-created_by=\"avia_inline_auto\" id=\"style-css-av-ll9dns8z-dbb6ea3f644eac31d473240c0a835098\">\n#top .av_textblock_section.av-ll9dns8z-dbb6ea3f644eac31d473240c0a835098 .avia_textblock{\ncolor:#ffffff;\n}\n<\/style>\n<section  class='av_textblock_section av-ll9dns8z-dbb6ea3f644eac31d473240c0a835098'  itemscope=\"itemscope\" itemtype=\"https:\/\/schema.org\/CreativeWork\" ><div class='avia_textblock av_inherit_color'  itemprop=\"text\" ><p><strong>Cellulare<\/strong> +39 346 9831169<\/p>\n<p>&#8211;<\/p>\n<p><strong>Sede Barzana<\/strong> +39 035 6014294<\/p>\n<p><strong>Sede Almenno San Bartolomeo<\/strong> +39 035 6014294<\/p>\n<p>&#8211;<\/p>\n<p><strong>Mail<\/strong> info@protezionecivilebergamoovest.it<\/p>\n<p><strong>Pec<\/strong> pec@pec.protezionecivilebergamoovest.it<\/p>\n<\/div><\/section><\/p><\/div>\n<style type=\"text\/css\" data-created_by=\"avia_inline_auto\" id=\"style-css-av-bk0a98-b4140236ebea0d4df04962061d971d21\">\n.flex_column.av-bk0a98-b4140236ebea0d4df04962061d971d21{\nborder-width:10px;\nborder-style:solid;\npadding:10px 10px 10px 10px;\nbackground-color:#0a314a;\n}\n<\/style>\n<div class='flex_column av-bk0a98-b4140236ebea0d4df04962061d971d21 av_one_half  avia-builder-el-27  el_after_av_one_half  el_before_av_hr  flex_column_div '     ><p><section  class='av_textblock_section av-ll9d9rge-bb2681647f6fae070d5bcbfdd4de1387'  itemscope=\"itemscope\" itemtype=\"https:\/\/schema.org\/CreativeWork\" ><div class='avia_textblock'  itemprop=\"text\" ><p><strong>Compila il form e ti ricontatteremo noi<br \/>\n<\/strong><\/p>\n<\/div><\/section><br \/>\n<form action=\"https:\/\/protezionecivilebergamoovest.it\/index.php\/protezione-civile\/\" method=\"post\"  class=\"avia_ajax_form av-form-labels-visible   avia-builder-el-29  el_after_av_textblock  avia-builder-el-last  av-custom-form-color av-light-form \" data-avia-form-id=\"1\" data-avia-redirect='' ><fieldset><p class='  first_form  form_element form_fullwidth' id='element_avia_1_1'><label for=\"avia_1_1\">Nome <abbr class=\"required\" title=\"richiesto\">*<\/abbr><\/label> <input name=\"avia_1_1\" class=\"text_input is_empty\" type=\"text\" id=\"avia_1_1\" value=\"\" \/><\/p><p class='  first_form  form_element form_fullwidth' id='element_avia_2_1'><label for=\"avia_2_1\">E-Mail <abbr class=\"required\" title=\"richiesto\">*<\/abbr><\/label> <input name=\"avia_2_1\" class=\"text_input is_email\" type=\"text\" id=\"avia_2_1\" value=\"\" \/><\/p><p class='  first_form  form_element form_fullwidth av-last-visible-form-element' id='element_avia_3_1'><label for=\"avia_3_1\" class=\"textare_label hidden textare_label_avia_3_1\">Messaggio <abbr class=\"required\" title=\"richiesto\">*<\/abbr><\/label><textarea  name=\"avia_3_1\" class=\"text_area is_empty\" cols=\"40\" rows=\"7\" id=\"avia_3_1\" ><\/textarea><\/p><p class=\"hidden\"><input type=\"text\" name=\"avia_4_1\" class=\"hidden \" id=\"avia_4_1\" value=\"\" \/><\/p><p class=\"form_element \"><input type=\"hidden\" value=\"1\" name=\"avia_generated_form1\" \/><input type=\"submit\" value=\"Inviare\" class=\"button\"  data-sending-label=\"Invio\"\/><\/p><\/fieldset><\/form><div id=\"ajaxresponse_1\" class=\"ajaxresponse ajaxresponse_1 hidden\"><\/div><\/p><\/div>\n<style type=\"text\/css\" data-created_by=\"avia_inline_auto\" id=\"style-css-av-4td2nw-f82600b2a1a6e147fdecb2e5e74c6090\">\n#top .hr.hr-invisible.av-4td2nw-f82600b2a1a6e147fdecb2e5e74c6090{\nheight:30px;\n}\n<\/style>\n<div  class='hr av-4td2nw-f82600b2a1a6e147fdecb2e5e74c6090 hr-invisible  avia-builder-el-30  el_after_av_one_half  el_before_av_hr '><span class='hr-inner '><span class=\"hr-inner-style\"><\/span><\/span><\/div>\n\n<style type=\"text\/css\" data-created_by=\"avia_inline_auto\" id=\"style-css-av-2k6mbw-4d23cae6d001329209d5e606bcbd1b45\">\n#top .hr.hr-invisible.av-2k6mbw-4d23cae6d001329209d5e606bcbd1b45{\nheight:30px;\n}\n<\/style>\n<div  class='hr av-2k6mbw-4d23cae6d001329209d5e606bcbd1b45 hr-invisible  avia-builder-el-31  el_after_av_hr  avia-builder-el-last '><span class='hr-inner '><span class=\"hr-inner-style\"><\/span><\/span><\/div>\n<\/div><\/div><\/div><!-- close content main div --><\/div><\/div><div id='after_section_5'  class='main_color av_default_container_wrap container_wrap sidebar_right'  ><div class='container av-section-cont-open' ><div class='template-page content  av-content-small alpha units'><div class='post-entry post-entry-type-page post-entry-3548'><div class='entry-content-wrapper clearfix'>\n","protected":false},"excerpt":{"rendered":"<p>Protezione Civile<\/p>\n","protected":false},"author":2,"featured_media":3551,"parent":0,"menu_order":0,"comment_status":"closed","ping_status":"closed","template":"","meta":{"footnotes":""},"class_list":["post-3548","page","type-page","status-publish","has-post-thumbnail","hentry"],"yoast_head":"<!-- This site is optimized with the Yoast SEO plugin v27.5 - https:\/\/yoast.com\/product\/yoast-seo-wordpress\/ -->\n<title>Il tuo aiuto \u00e8 prezioso - Protezione Civile Bergamo Ovest<\/title>\n<meta name=\"description\" content=\"Ogni donazione alla Protezione Civile \u00e8 un passo verso la protezione duratura del nostro prezioso territorio.\" \/>\n<meta name=\"robots\" content=\"index, follow, max-snippet:-1, max-image-preview:large, max-video-preview:-1\" \/>\n<link rel=\"canonical\" href=\"https:\/\/protezionecivilebergamoovest.it\/index.php\/protezione-civile\/\" \/>\n<meta property=\"og:locale\" content=\"it_IT\" \/>\n<meta property=\"og:type\" content=\"article\" \/>\n<meta property=\"og:title\" content=\"Il tuo aiuto \u00e8 prezioso - Protezione Civile Bergamo Ovest\" \/>\n<meta property=\"og:description\" content=\"Ogni donazione alla Protezione Civile \u00e8 un passo verso la protezione duratura del nostro prezioso territorio.\" \/>\n<meta property=\"og:url\" content=\"https:\/\/protezionecivilebergamoovest.it\/index.php\/protezione-civile\/\" \/>\n<meta property=\"og:site_name\" content=\"Protezione Civile Bergamo Ovest\" \/>\n<meta property=\"article:publisher\" content=\"https:\/\/www.facebook.com\/ProtezioneCivileBergamoOvest\" \/>\n<meta property=\"article:modified_time\" content=\"2025-03-13T07:16:30+00:00\" \/>\n<meta property=\"og:image\" content=\"https:\/\/protezionecivilebergamoovest.it\/wp-content\/uploads\/2023\/08\/remi-walle-UOwvwZ9Dy6w-unsplash.jpg\" \/>\n\t<meta property=\"og:image:width\" content=\"1500\" \/>\n\t<meta property=\"og:image:height\" content=\"430\" \/>\n\t<meta property=\"og:image:type\" content=\"image\/jpeg\" \/>\n<meta name=\"twitter:card\" content=\"summary_large_image\" \/>\n<meta name=\"twitter:label1\" content=\"Tempo di lettura stimato\" \/>\n\t<meta name=\"twitter:data1\" content=\"3 minuti\" \/>\n<script type=\"application\/ld+json\" class=\"yoast-schema-graph\">{\"@context\":\"https:\\\/\\\/schema.org\",\"@graph\":[{\"@type\":\"WebPage\",\"@id\":\"https:\\\/\\\/protezionecivilebergamoovest.it\\\/index.php\\\/protezione-civile\\\/\",\"url\":\"https:\\\/\\\/protezionecivilebergamoovest.it\\\/index.php\\\/protezione-civile\\\/\",\"name\":\"Il tuo aiuto \u00e8 prezioso - Protezione Civile Bergamo Ovest\",\"isPartOf\":{\"@id\":\"https:\\\/\\\/protezionecivilebergamoovest.it\\\/#website\"},\"primaryImageOfPage\":{\"@id\":\"https:\\\/\\\/protezionecivilebergamoovest.it\\\/index.php\\\/protezione-civile\\\/#primaryimage\"},\"image\":{\"@id\":\"https:\\\/\\\/protezionecivilebergamoovest.it\\\/index.php\\\/protezione-civile\\\/#primaryimage\"},\"thumbnailUrl\":\"https:\\\/\\\/protezionecivilebergamoovest.it\\\/wp-content\\\/uploads\\\/2023\\\/08\\\/remi-walle-UOwvwZ9Dy6w-unsplash.jpg\",\"datePublished\":\"2023-08-13T10:44:23+00:00\",\"dateModified\":\"2025-03-13T07:16:30+00:00\",\"description\":\"Ogni donazione alla Protezione Civile \u00e8 un passo verso la protezione duratura del nostro prezioso territorio.\",\"breadcrumb\":{\"@id\":\"https:\\\/\\\/protezionecivilebergamoovest.it\\\/index.php\\\/protezione-civile\\\/#breadcrumb\"},\"inLanguage\":\"it-IT\",\"potentialAction\":[{\"@type\":\"ReadAction\",\"target\":[\"https:\\\/\\\/protezionecivilebergamoovest.it\\\/index.php\\\/protezione-civile\\\/\"]}]},{\"@type\":\"ImageObject\",\"inLanguage\":\"it-IT\",\"@id\":\"https:\\\/\\\/protezionecivilebergamoovest.it\\\/index.php\\\/protezione-civile\\\/#primaryimage\",\"url\":\"https:\\\/\\\/protezionecivilebergamoovest.it\\\/wp-content\\\/uploads\\\/2023\\\/08\\\/remi-walle-UOwvwZ9Dy6w-unsplash.jpg\",\"contentUrl\":\"https:\\\/\\\/protezionecivilebergamoovest.it\\\/wp-content\\\/uploads\\\/2023\\\/08\\\/remi-walle-UOwvwZ9Dy6w-unsplash.jpg\",\"width\":1500,\"height\":430,\"caption\":\"Protezione Civile Bergamo Ovest\"},{\"@type\":\"BreadcrumbList\",\"@id\":\"https:\\\/\\\/protezionecivilebergamoovest.it\\\/index.php\\\/protezione-civile\\\/#breadcrumb\",\"itemListElement\":[{\"@type\":\"ListItem\",\"position\":1,\"name\":\"Home\",\"item\":\"https:\\\/\\\/protezionecivilebergamoovest.it\\\/\"},{\"@type\":\"ListItem\",\"position\":2,\"name\":\"Il tuo aiuto \u00e8 prezioso\"}]},{\"@type\":\"WebSite\",\"@id\":\"https:\\\/\\\/protezionecivilebergamoovest.it\\\/#website\",\"url\":\"https:\\\/\\\/protezionecivilebergamoovest.it\\\/\",\"name\":\"Protezione Civile Bergamo Ovest\",\"description\":\"\",\"publisher\":{\"@id\":\"https:\\\/\\\/protezionecivilebergamoovest.it\\\/#organization\"},\"potentialAction\":[{\"@type\":\"SearchAction\",\"target\":{\"@type\":\"EntryPoint\",\"urlTemplate\":\"https:\\\/\\\/protezionecivilebergamoovest.it\\\/?s={search_term_string}\"},\"query-input\":{\"@type\":\"PropertyValueSpecification\",\"valueRequired\":true,\"valueName\":\"search_term_string\"}}],\"inLanguage\":\"it-IT\"},{\"@type\":\"Organization\",\"@id\":\"https:\\\/\\\/protezionecivilebergamoovest.it\\\/#organization\",\"name\":\"Protezione Civile Bergamo Ovest\",\"url\":\"https:\\\/\\\/protezionecivilebergamoovest.it\\\/\",\"logo\":{\"@type\":\"ImageObject\",\"inLanguage\":\"it-IT\",\"@id\":\"https:\\\/\\\/protezionecivilebergamoovest.it\\\/#\\\/schema\\\/logo\\\/image\\\/\",\"url\":\"https:\\\/\\\/protezionecivilebergamoovest.it\\\/wp-content\\\/uploads\\\/2023\\\/04\\\/logo.png\",\"contentUrl\":\"https:\\\/\\\/protezionecivilebergamoovest.it\\\/wp-content\\\/uploads\\\/2023\\\/04\\\/logo.png\",\"width\":340,\"height\":156,\"caption\":\"Protezione Civile Bergamo Ovest\"},\"image\":{\"@id\":\"https:\\\/\\\/protezionecivilebergamoovest.it\\\/#\\\/schema\\\/logo\\\/image\\\/\"},\"sameAs\":[\"https:\\\/\\\/www.facebook.com\\\/ProtezioneCivileBergamoOvest\",\"https:\\\/\\\/www.instagram.com\\\/protezionecivile.bg_ovest\\\/\"]}]}<\/script>\n<!-- \/ Yoast SEO plugin. -->","yoast_head_json":{"title":"Il tuo aiuto \u00e8 prezioso - Protezione Civile Bergamo Ovest","description":"Ogni donazione alla Protezione Civile \u00e8 un passo verso la protezione duratura del nostro prezioso territorio.","robots":{"index":"index","follow":"follow","max-snippet":"max-snippet:-1","max-image-preview":"max-image-preview:large","max-video-preview":"max-video-preview:-1"},"canonical":"https:\/\/protezionecivilebergamoovest.it\/index.php\/protezione-civile\/","og_locale":"it_IT","og_type":"article","og_title":"Il tuo aiuto \u00e8 prezioso - Protezione Civile Bergamo Ovest","og_description":"Ogni donazione alla Protezione Civile \u00e8 un passo verso la protezione duratura del nostro prezioso territorio.","og_url":"https:\/\/protezionecivilebergamoovest.it\/index.php\/protezione-civile\/","og_site_name":"Protezione Civile Bergamo Ovest","article_publisher":"https:\/\/www.facebook.com\/ProtezioneCivileBergamoOvest","article_modified_time":"2025-03-13T07:16:30+00:00","og_image":[{"width":1500,"height":430,"url":"https:\/\/protezionecivilebergamoovest.it\/wp-content\/uploads\/2023\/08\/remi-walle-UOwvwZ9Dy6w-unsplash.jpg","type":"image\/jpeg"}],"twitter_card":"summary_large_image","twitter_misc":{"Tempo di lettura stimato":"3 minuti"},"schema":{"@context":"https:\/\/schema.org","@graph":[{"@type":"WebPage","@id":"https:\/\/protezionecivilebergamoovest.it\/index.php\/protezione-civile\/","url":"https:\/\/protezionecivilebergamoovest.it\/index.php\/protezione-civile\/","name":"Il tuo aiuto \u00e8 prezioso - Protezione Civile Bergamo Ovest","isPartOf":{"@id":"https:\/\/protezionecivilebergamoovest.it\/#website"},"primaryImageOfPage":{"@id":"https:\/\/protezionecivilebergamoovest.it\/index.php\/protezione-civile\/#primaryimage"},"image":{"@id":"https:\/\/protezionecivilebergamoovest.it\/index.php\/protezione-civile\/#primaryimage"},"thumbnailUrl":"https:\/\/protezionecivilebergamoovest.it\/wp-content\/uploads\/2023\/08\/remi-walle-UOwvwZ9Dy6w-unsplash.jpg","datePublished":"2023-08-13T10:44:23+00:00","dateModified":"2025-03-13T07:16:30+00:00","description":"Ogni donazione alla Protezione Civile \u00e8 un passo verso la protezione duratura del nostro prezioso territorio.","breadcrumb":{"@id":"https:\/\/protezionecivilebergamoovest.it\/index.php\/protezione-civile\/#breadcrumb"},"inLanguage":"it-IT","potentialAction":[{"@type":"ReadAction","target":["https:\/\/protezionecivilebergamoovest.it\/index.php\/protezione-civile\/"]}]},{"@type":"ImageObject","inLanguage":"it-IT","@id":"https:\/\/protezionecivilebergamoovest.it\/index.php\/protezione-civile\/#primaryimage","url":"https:\/\/protezionecivilebergamoovest.it\/wp-content\/uploads\/2023\/08\/remi-walle-UOwvwZ9Dy6w-unsplash.jpg","contentUrl":"https:\/\/protezionecivilebergamoovest.it\/wp-content\/uploads\/2023\/08\/remi-walle-UOwvwZ9Dy6w-unsplash.jpg","width":1500,"height":430,"caption":"Protezione Civile Bergamo Ovest"},{"@type":"BreadcrumbList","@id":"https:\/\/protezionecivilebergamoovest.it\/index.php\/protezione-civile\/#breadcrumb","itemListElement":[{"@type":"ListItem","position":1,"name":"Home","item":"https:\/\/protezionecivilebergamoovest.it\/"},{"@type":"ListItem","position":2,"name":"Il tuo aiuto \u00e8 prezioso"}]},{"@type":"WebSite","@id":"https:\/\/protezionecivilebergamoovest.it\/#website","url":"https:\/\/protezionecivilebergamoovest.it\/","name":"Protezione Civile Bergamo Ovest","description":"","publisher":{"@id":"https:\/\/protezionecivilebergamoovest.it\/#organization"},"potentialAction":[{"@type":"SearchAction","target":{"@type":"EntryPoint","urlTemplate":"https:\/\/protezionecivilebergamoovest.it\/?s={search_term_string}"},"query-input":{"@type":"PropertyValueSpecification","valueRequired":true,"valueName":"search_term_string"}}],"inLanguage":"it-IT"},{"@type":"Organization","@id":"https:\/\/protezionecivilebergamoovest.it\/#organization","name":"Protezione Civile Bergamo Ovest","url":"https:\/\/protezionecivilebergamoovest.it\/","logo":{"@type":"ImageObject","inLanguage":"it-IT","@id":"https:\/\/protezionecivilebergamoovest.it\/#\/schema\/logo\/image\/","url":"https:\/\/protezionecivilebergamoovest.it\/wp-content\/uploads\/2023\/04\/logo.png","contentUrl":"https:\/\/protezionecivilebergamoovest.it\/wp-content\/uploads\/2023\/04\/logo.png","width":340,"height":156,"caption":"Protezione Civile Bergamo Ovest"},"image":{"@id":"https:\/\/protezionecivilebergamoovest.it\/#\/schema\/logo\/image\/"},"sameAs":["https:\/\/www.facebook.com\/ProtezioneCivileBergamoOvest","https:\/\/www.instagram.com\/protezionecivile.bg_ovest\/"]}]}},"_links":{"self":[{"href":"https:\/\/protezionecivilebergamoovest.it\/index.php\/wp-json\/wp\/v2\/pages\/3548","targetHints":{"allow":["GET"]}}],"collection":[{"href":"https:\/\/protezionecivilebergamoovest.it\/index.php\/wp-json\/wp\/v2\/pages"}],"about":[{"href":"https:\/\/protezionecivilebergamoovest.it\/index.php\/wp-json\/wp\/v2\/types\/page"}],"author":[{"embeddable":true,"href":"https:\/\/protezionecivilebergamoovest.it\/index.php\/wp-json\/wp\/v2\/users\/2"}],"replies":[{"embeddable":true,"href":"https:\/\/protezionecivilebergamoovest.it\/index.php\/wp-json\/wp\/v2\/comments?post=3548"}],"version-history":[{"count":48,"href":"https:\/\/protezionecivilebergamoovest.it\/index.php\/wp-json\/wp\/v2\/pages\/3548\/revisions"}],"predecessor-version":[{"id":3742,"href":"https:\/\/protezionecivilebergamoovest.it\/index.php\/wp-json\/wp\/v2\/pages\/3548\/revisions\/3742"}],"wp:featuredmedia":[{"embeddable":true,"href":"https:\/\/protezionecivilebergamoovest.it\/index.php\/wp-json\/wp\/v2\/media\/3551"}],"wp:attachment":[{"href":"https:\/\/protezionecivilebergamoovest.it\/index.php\/wp-json\/wp\/v2\/media?parent=3548"}],"curies":[{"name":"wp","href":"https:\/\/api.w.org\/{rel}","templated":true}]}}